{"id":710,"date":"2018-12-14T07:36:43","date_gmt":"2018-12-14T06:36:43","guid":{"rendered":"http:\/\/rietmannwelten.mona.z6c.de\/?post_type=portfolio&#038;p=710"},"modified":"2024-10-21T10:55:02","modified_gmt":"2024-10-21T08:55:02","slug":"original-eiweiss-abendbrot","status":"publish","type":"portfolio","link":"https:\/\/www.rietmann.de\/es\/portfolio\/original-eiweiss-abendbrot\/","title":{"rendered":"Pan de prote\u00ednas original"},"content":{"rendered":"[vc_row thb_full_width=\u00bbtrue\u00bb][vc_column][vc_empty_space height=\u00bb75px\u00bb][vc_column_text]\n<h1 style=\"text-align: center;\"><strong>Pan de prote\u00ednas original<\/strong><\/h1>\n[\/vc_column_text][vc_empty_space height=\u00bb75px\u00bb][\/vc_column][\/vc_row][vc_row][vc_column width=\u00bb1\/5&#8243;][vc_pie value=\u00bb100&#8243; label_value=\u00bb85&#8243; color=\u00bbcustom\u00bb units=\u00bb%\u00bb title=\u00bbMenos carbohidratos\u00bb custom_color=\u00bb#6e8ec3&#8243;][\/vc_column][vc_column width=\u00bb1\/5&#8243;][vc_pie value=\u00bb100&#8243; label_value=\u00bb25.9&#8243; color=\u00bbcustom\u00bb units=\u00bb%\u00bb title=\u00bbProte\u00ednas\u00bb custom_color=\u00bb#6e8ec3&#8243;][\/vc_column][vc_column width=\u00bb1\/5&#8243;][vc_pie value=\u00bb100&#8243; label_value=\u00bb10.1&#8243; color=\u00bbcustom\u00bb title=\u00bbFibras alimentarias\u00bb units=\u00bb%\u00bb custom_color=\u00bb#6e8ec3&#8243;][\/vc_column][vc_column width=\u00bb1\/5&#8243;][vc_pie value=\u00bb100&#8243; label_value=\u00bb5.9&#8243; color=\u00bbcustom\u00bb title=\u00bbCarbohidratos\u00bb units=\u00bb%\u00bb custom_color=\u00bb#6e8ec3&#8243;][\/vc_column][vc_column width=\u00bb1\/5&#8243;][vc_pie value=\u00bb100&#8243; label_value=\u00bb24&#8243; color=\u00bbcustom\u00bb title=\u00bbGI\u00bb custom_color=\u00bb#6e8ec3&#8243;][\/vc_column][\/vc_row][vc_row][vc_column][vc_empty_space height=\u00bb70px\u00bb][\/vc_column][\/vc_row][vc_row][vc_column width=\u00bb1\/3&#8243;][vc_column_text]\n<h2 class=\"uppercase borderLine \">Pan de prote\u00ednas original<\/h2>\n<p class=\"uppercase \" style=\"text-align: justify;\">A lo largo de los a\u00f1os, Rietmann ha creado una gran cantidad de productos especiales. Uno de ellos: el pan de prote\u00ednas original. Este producto ha impulsado como ning\u00fan otro el mercado de los productos de panader\u00eda en los \u00faltimos a\u00f1os. Hoy en d\u00eda, ya es imposible imaginar las estanter\u00edas de las panader\u00edas del mundo sin \u00e9l.<br \/>\nEl pan de prote\u00ednas original es una prueba extraordinaria de la capacidad de innovaci\u00f3n de la empresa. Con \u00e9l, RIETMANN se labr\u00f3 una reputaci\u00f3n como pionera en el campo de los panes de prote\u00ednas. Con un 5,9 % de carbohidratos y un contenido de prote\u00ednas del 25,9 %, se considera actualmente el pan bajo en carbohidratos por excelencia.<\/p>\n[\/vc_column_text][\/vc_column][vc_column width=\u00bb2\/3&#8243;]\t<div id=\"thb-image-69f0b1f713365\" class=\"caption-style1 animation scale alignleft   thb_image_link wp-caption \">\n\t  \t\t\t<div class=\"thb-image-inner size_100\">\n\t\t\t\t<img loading=\"lazy\" decoding=\"async\" width=\"1024\" height=\"614\" src=\"data:image\/gif;base64,R0lGODlhAQABAAAAACH5BAEKAAEALAAAAAABAAEAAAICTAEAOw==\" class=\"thb_image retina_size  attachment-large thb-lazyload lazyload\" alt=\"\" sizes=\"auto, (max-width: 1024px) 100vw, 1024px\" data-src=\"https:\/\/www.rietmann.de\/wp-content\/uploads\/2018\/12\/OEAb-Brot-1024x614.jpg\" data-sizes=\"auto\" data-srcset=\"https:\/\/www.rietmann.de\/wp-content\/uploads\/2018\/12\/OEAb-Brot-1024x614.jpg 1024w, https:\/\/www.rietmann.de\/wp-content\/uploads\/2018\/12\/OEAb-Brot-300x180.jpg 300w, https:\/\/www.rietmann.de\/wp-content\/uploads\/2018\/12\/OEAb-Brot-768x461.jpg 768w, https:\/\/www.rietmann.de\/wp-content\/uploads\/2018\/12\/OEAb-Brot-150x90.jpg 150w, https:\/\/www.rietmann.de\/wp-content\/uploads\/2018\/12\/OEAb-Brot-600x360.jpg 600w, https:\/\/www.rietmann.de\/wp-content\/uploads\/2018\/12\/OEAb-Brot-900x540.jpg 900w, https:\/\/www.rietmann.de\/wp-content\/uploads\/2018\/12\/OEAb-Brot-20x13.jpg 20w, https:\/\/www.rietmann.de\/wp-content\/uploads\/2018\/12\/OEAb-Brot.jpg 1400w\" \/>\t\t\t\t\t\t\t<\/div>\n\t\t\t\t\t\t\t\t\t<\/div>\n\t[\/vc_column][\/vc_row][vc_row][vc_column][vc_empty_space height=\u00bb40px\u00bb][vc_column_text]\n<h2>El pan prote\u00ednico original se internacionaliza<\/h2>\n<p>El original pan prote\u00ednico de la noche no s\u00f3lo ha encontrado adeptos en Alemania, sino que ahora tambi\u00e9n es muy popular a escala internacional. En Francia, el pan, distribuido por <a href=\"https:\/\/www.rietmann.de\/contact-rietmann-international\/\">Rietmann France <\/a>, se conoce como <em>Energus10<\/em> y se ha establecido con \u00e9xito all\u00ed.<\/p>\n<p>Basado en la mezcla de Rietmann para el pan prote\u00ednico original de la noche, el pan prote\u00ednico de <a href=\"https:\/\/hermanbrot.com.au\/\">Herman<\/a>Brot aparece regularmente en la prensa y la televisi\u00f3n australianas. Recientemente, Herman Brot gan\u00f3 el <em>premio Healthy Food Award Australia<\/em> con su pan prote\u00ednico.<\/p>\n<p>El pan prote\u00ednico original para la cena incluso se ha hecho un hueco en Oriente Medio. En Dubai, hay versiones planas del pan, conocidas como flatbreads, disponibles en varios mercados y ofrecen una alternativa rica en prote\u00ednas a los productos de panader\u00eda tradicionales.[\/vc_column_text][\/vc_column][\/vc_row][vc_row][vc_column][vc_empty_space height=\u00bb70px\u00bb][vc_separator][vc_empty_space height=\u00bb70px\u00bb][vc_column_text]\n<h3 style=\"text-align: center;\">\u00bfLe interesan nuestros productos?<\/h3>\n<p style=\"text-align: center;\"><a href=\"https:\/\/www.rietmann.de\/contact-rietmann-international\/\">Estaremos encantados de atenderle.<\/a><\/p>\n[\/vc_column_text][vc_empty_space height=\u00bb40px\u00bb][vc_column_text]\n<p style=\"text-align: center; font-size: 90%;\">Visite tambi\u00e9n los sitios web de nuestras marcas y socios: <a href=\"http:\/\/primawell.de\">Primawell<\/a> &#8211; <a href=\"http:\/\/rietmann.fr\">Rietmann France<\/a> &#8211; <a href=\"http:\/\/vegan-moi.com\">Vegan&amp;Moi<\/a> &#8211; <a href=\"http:\/\/peasfortheplanet.net\">Peas for the Planet<\/a> &#8211; <a href=\"http:\/\/rietmann-fotosearch.de\">Rietmann Fotosearch<\/a> &#8211; <a href=\"http:\/\/www.krafticus.de\">Krafticus<\/a><\/p>\n[\/vc_column_text][vc_empty_space height=\u00bb40px\u00bb][\/vc_column][\/vc_row]","protected":false},"excerpt":{"rendered":"<p>[vc_row thb_full_width=\u00bbtrue\u00bb][vc_column][vc_empty_space height=\u00bb75px\u00bb][vc_column_text] Pan de prote\u00ednas original [\/vc_column_text][vc_empty_space height=\u00bb75px\u00bb][\/vc_column][\/vc_row][vc_row][vc_column width=\u00bb1\/5&#8243;][vc_pie value=\u00bb100&#8243; label_value=\u00bb85&#8243; color=\u00bbcustom\u00bb units=\u00bb%\u00bb title=\u00bbMenos carbohidratos\u00bb custom_color=\u00bb#6e8ec3&#8243;][\/vc_column][vc_column width=\u00bb1\/5&#8243;][vc_pie value=\u00bb100&#8243; label_value=\u00bb25.9&#8243; color=\u00bbcustom\u00bb units=\u00bb%\u00bb title=\u00bbProte\u00ednas\u00bb custom_color=\u00bb#6e8ec3&#8243;][\/vc_column][vc_column width=\u00bb1\/5&#8243;][vc_pie value=\u00bb100&#8243; label_value=\u00bb10.1&#8243; color=\u00bbcustom\u00bb title=\u00bbFibras alimentarias\u00bb units=\u00bb%\u00bb custom_color=\u00bb#6e8ec3&#8243;][\/vc_column][vc_column width=\u00bb1\/5&#8243;][vc_pie value=\u00bb100&#8243; label_value=\u00bb5.9&#8243; color=\u00bbcustom\u00bb title=\u00bbCarbohidratos\u00bb units=\u00bb%\u00bb custom_color=\u00bb#6e8ec3&#8243;][\/vc_column][vc_column width=\u00bb1\/5&#8243;][vc_pie value=\u00bb100&#8243; label_value=\u00bb24&#8243; color=\u00bbcustom\u00bb title=\u00bbGI\u00bb custom_color=\u00bb#6e8ec3&#8243;][\/vc_column][\/vc_row][vc_row][vc_column][vc_empty_space height=\u00bb70px\u00bb][\/vc_column][\/vc_row][vc_row][vc_column width=\u00bb1\/3&#8243;][vc_column_text] Pan de prote\u00ednas original A lo largo de&hellip;<\/p>\n","protected":false},"featured_media":1721,"parent":0,"menu_order":0,"comment_status":"closed","ping_status":"closed","template":"","tags":[],"class_list":["post-710","portfolio","type-portfolio","status-publish","has-post-thumbnail","hentry","project-category-de","project-category-en","project-category-es","project-category-fr"],"yoast_head":"<!-- This site is optimized with the Yoast SEO Premium plugin v19.6 (Yoast SEO v27.0) - https:\/\/yoast.com\/product\/yoast-seo-premium-wordpress\/ -->\n<title>Original Eiwei\u00df Abendbrot<\/title>\n<meta name=\"description\" content=\"Das Original Eiwei\u00df Abendbrot ist heutzutage aus den Brotregalen, sowohl national als auch international, nicht mehr wegzudenken.\" \/>\n<meta name=\"robots\" content=\"index, follow, max-snippet:-1, max-image-preview:large, max-video-preview:-1\" \/>\n<link rel=\"canonical\" href=\"https:\/\/www.rietmann.de\/portfolio\/original-eiweiss-abendbrot\/\" \/>\n<meta property=\"og:locale\" content=\"es_ES\" \/>\n<meta property=\"og:type\" content=\"article\" \/>\n<meta property=\"og:title\" content=\"[:de]Original Eiwei\u00df Abendbrot[:en]Original Protein Bread[:fr]Pain original prot\u00e9in\u00e9 (Energus 10)[:es]Pan de prote\u00ednas original[:]\" \/>\n<meta property=\"og:description\" content=\"Das Original Eiwei\u00df Abendbrot ist heutzutage aus den Brotregalen, sowohl national als auch international, nicht mehr wegzudenken.\" \/>\n<meta property=\"og:url\" content=\"https:\/\/www.rietmann.de\/portfolio\/original-eiweiss-abendbrot\/\" \/>\n<meta property=\"og:site_name\" content=\"Theodor Rietmann GmbH\" \/>\n<meta property=\"article:publisher\" content=\"https:\/\/www.facebook.com\/rietmanngermany\" \/>\n<meta property=\"article:modified_time\" content=\"2024-10-21T08:55:02+00:00\" \/>\n<meta property=\"og:image\" content=\"https:\/\/www.rietmann.de\/wp-content\/uploads\/2018\/12\/OEAb-Brot.jpg\" \/>\n\t<meta property=\"og:image:width\" content=\"1400\" \/>\n\t<meta property=\"og:image:height\" content=\"840\" \/>\n\t<meta property=\"og:image:type\" content=\"image\/jpeg\" \/>\n<meta name=\"twitter:card\" content=\"summary_large_image\" \/>\n<meta name=\"twitter:label1\" content=\"Tiempo de lectura\" \/>\n\t<meta name=\"twitter:data1\" content=\"11 minutos\" \/>\n<script type=\"application\/ld+json\" class=\"yoast-schema-graph\">{\"@context\":\"https:\/\/schema.org\",\"@graph\":[{\"@type\":\"WebPage\",\"@id\":\"https:\/\/www.rietmann.de\/portfolio\/original-eiweiss-abendbrot\/\",\"url\":\"https:\/\/www.rietmann.de\/portfolio\/original-eiweiss-abendbrot\/\",\"name\":\"Original Eiwei\u00df Abendbrot\",\"isPartOf\":{\"@id\":\"https:\/\/www.rietmann.de\/#website\"},\"primaryImageOfPage\":{\"@id\":\"https:\/\/www.rietmann.de\/portfolio\/original-eiweiss-abendbrot\/#primaryimage\"},\"image\":{\"@id\":\"https:\/\/www.rietmann.de\/portfolio\/original-eiweiss-abendbrot\/#primaryimage\"},\"thumbnailUrl\":\"https:\/\/www.rietmann.de\/wp-content\/uploads\/2018\/12\/OEAb-Brot.jpg\",\"datePublished\":\"2018-12-14T06:36:43+00:00\",\"dateModified\":\"2024-10-21T08:55:02+00:00\",\"description\":\"Das Original Eiwei\u00df Abendbrot ist heutzutage aus den Brotregalen, sowohl national als auch international, nicht mehr wegzudenken.\",\"breadcrumb\":{\"@id\":\"https:\/\/www.rietmann.de\/portfolio\/original-eiweiss-abendbrot\/#breadcrumb\"},\"inLanguage\":\"es\",\"potentialAction\":[{\"@type\":\"ReadAction\",\"target\":[\"https:\/\/www.rietmann.de\/portfolio\/original-eiweiss-abendbrot\/\"]}]},{\"@type\":\"ImageObject\",\"inLanguage\":\"es\",\"@id\":\"https:\/\/www.rietmann.de\/portfolio\/original-eiweiss-abendbrot\/#primaryimage\",\"url\":\"https:\/\/www.rietmann.de\/wp-content\/uploads\/2018\/12\/OEAb-Brot.jpg\",\"contentUrl\":\"https:\/\/www.rietmann.de\/wp-content\/uploads\/2018\/12\/OEAb-Brot.jpg\",\"width\":1400,\"height\":840},{\"@type\":\"BreadcrumbList\",\"@id\":\"https:\/\/www.rietmann.de\/portfolio\/original-eiweiss-abendbrot\/#breadcrumb\",\"itemListElement\":[{\"@type\":\"ListItem\",\"position\":1,\"name\":\"Startseite\",\"item\":\"https:\/\/www.rietmann.de\/\"},{\"@type\":\"ListItem\",\"position\":2,\"name\":\"Original Eiwei\u00df Abendbrot\"}]},{\"@type\":\"WebSite\",\"@id\":\"https:\/\/www.rietmann.de\/#website\",\"url\":\"https:\/\/www.rietmann.de\/\",\"name\":\"Theodor Rietmann GmbH\",\"description\":\"\",\"potentialAction\":[{\"@type\":\"SearchAction\",\"target\":{\"@type\":\"EntryPoint\",\"urlTemplate\":\"https:\/\/www.rietmann.de\/?s={search_term_string}\"},\"query-input\":{\"@type\":\"PropertyValueSpecification\",\"valueRequired\":true,\"valueName\":\"search_term_string\"}}],\"inLanguage\":\"es\"}]}<\/script>\n<!-- \/ Yoast SEO Premium plugin. -->","yoast_head_json":{"title":"Original Eiwei\u00df Abendbrot","description":"Das Original Eiwei\u00df Abendbrot ist heutzutage aus den Brotregalen, sowohl national als auch international, nicht mehr wegzudenken.","robots":{"index":"index","follow":"follow","max-snippet":"max-snippet:-1","max-image-preview":"max-image-preview:large","max-video-preview":"max-video-preview:-1"},"canonical":"https:\/\/www.rietmann.de\/portfolio\/original-eiweiss-abendbrot\/","og_locale":"es_ES","og_type":"article","og_title":"[:de]Original Eiwei\u00df Abendbrot[:en]Original Protein Bread[:fr]Pain original prot\u00e9in\u00e9 (Energus 10)[:es]Pan de prote\u00ednas original[:]","og_description":"Das Original Eiwei\u00df Abendbrot ist heutzutage aus den Brotregalen, sowohl national als auch international, nicht mehr wegzudenken.","og_url":"https:\/\/www.rietmann.de\/portfolio\/original-eiweiss-abendbrot\/","og_site_name":"Theodor Rietmann GmbH","article_publisher":"https:\/\/www.facebook.com\/rietmanngermany","article_modified_time":"2024-10-21T08:55:02+00:00","og_image":[{"width":1400,"height":840,"url":"https:\/\/www.rietmann.de\/wp-content\/uploads\/2018\/12\/OEAb-Brot.jpg","type":"image\/jpeg"}],"twitter_card":"summary_large_image","twitter_misc":{"Tiempo de lectura":"11 minutos"},"schema":{"@context":"https:\/\/schema.org","@graph":[{"@type":"WebPage","@id":"https:\/\/www.rietmann.de\/portfolio\/original-eiweiss-abendbrot\/","url":"https:\/\/www.rietmann.de\/portfolio\/original-eiweiss-abendbrot\/","name":"Original Eiwei\u00df Abendbrot","isPartOf":{"@id":"https:\/\/www.rietmann.de\/#website"},"primaryImageOfPage":{"@id":"https:\/\/www.rietmann.de\/portfolio\/original-eiweiss-abendbrot\/#primaryimage"},"image":{"@id":"https:\/\/www.rietmann.de\/portfolio\/original-eiweiss-abendbrot\/#primaryimage"},"thumbnailUrl":"https:\/\/www.rietmann.de\/wp-content\/uploads\/2018\/12\/OEAb-Brot.jpg","datePublished":"2018-12-14T06:36:43+00:00","dateModified":"2024-10-21T08:55:02+00:00","description":"Das Original Eiwei\u00df Abendbrot ist heutzutage aus den Brotregalen, sowohl national als auch international, nicht mehr wegzudenken.","breadcrumb":{"@id":"https:\/\/www.rietmann.de\/portfolio\/original-eiweiss-abendbrot\/#breadcrumb"},"inLanguage":"es","potentialAction":[{"@type":"ReadAction","target":["https:\/\/www.rietmann.de\/portfolio\/original-eiweiss-abendbrot\/"]}]},{"@type":"ImageObject","inLanguage":"es","@id":"https:\/\/www.rietmann.de\/portfolio\/original-eiweiss-abendbrot\/#primaryimage","url":"https:\/\/www.rietmann.de\/wp-content\/uploads\/2018\/12\/OEAb-Brot.jpg","contentUrl":"https:\/\/www.rietmann.de\/wp-content\/uploads\/2018\/12\/OEAb-Brot.jpg","width":1400,"height":840},{"@type":"BreadcrumbList","@id":"https:\/\/www.rietmann.de\/portfolio\/original-eiweiss-abendbrot\/#breadcrumb","itemListElement":[{"@type":"ListItem","position":1,"name":"Startseite","item":"https:\/\/www.rietmann.de\/"},{"@type":"ListItem","position":2,"name":"Original Eiwei\u00df Abendbrot"}]},{"@type":"WebSite","@id":"https:\/\/www.rietmann.de\/#website","url":"https:\/\/www.rietmann.de\/","name":"Theodor Rietmann GmbH","description":"","potentialAction":[{"@type":"SearchAction","target":{"@type":"EntryPoint","urlTemplate":"https:\/\/www.rietmann.de\/?s={search_term_string}"},"query-input":{"@type":"PropertyValueSpecification","valueRequired":true,"valueName":"search_term_string"}}],"inLanguage":"es"}]}},"_links":{"self":[{"href":"https:\/\/www.rietmann.de\/es\/wp-json\/wp\/v2\/portfolio\/710","targetHints":{"allow":["GET"]}}],"collection":[{"href":"https:\/\/www.rietmann.de\/es\/wp-json\/wp\/v2\/portfolio"}],"about":[{"href":"https:\/\/www.rietmann.de\/es\/wp-json\/wp\/v2\/types\/portfolio"}],"replies":[{"embeddable":true,"href":"https:\/\/www.rietmann.de\/es\/wp-json\/wp\/v2\/comments?post=710"}],"version-history":[{"count":91,"href":"https:\/\/www.rietmann.de\/es\/wp-json\/wp\/v2\/portfolio\/710\/revisions"}],"predecessor-version":[{"id":20727,"href":"https:\/\/www.rietmann.de\/es\/wp-json\/wp\/v2\/portfolio\/710\/revisions\/20727"}],"wp:featuredmedia":[{"embeddable":true,"href":"https:\/\/www.rietmann.de\/es\/wp-json\/wp\/v2\/media\/1721"}],"wp:attachment":[{"href":"https:\/\/www.rietmann.de\/es\/wp-json\/wp\/v2\/media?parent=710"}],"wp:term":[{"taxonomy":"post_tag","embeddable":true,"href":"https:\/\/www.rietmann.de\/es\/wp-json\/wp\/v2\/tags?post=710"}],"curies":[{"name":"wp","href":"https:\/\/api.w.org\/{rel}","templated":true}]}}